{"id":1581,"date":"2019-02-06T17:17:55","date_gmt":"2019-02-06T17:17:55","guid":{"rendered":"https:\/\/www.portorentabike.com\/pt\/?page_id=1581"},"modified":"2024-11-01T12:38:23","modified_gmt":"2024-11-01T11:38:23","slug":"politica-de-privacidade-e-recrutamento","status":"publish","type":"page","link":"http:\/\/www.portorentabike.com\/pt\/politica-de-privacidade-e-recrutamento\/","title":{"rendered":"Pol\u00edtica de Privacidade e Recrutamento"},"content":{"rendered":"<p><strong>Pol\u00edtica de Privacidade<\/strong><\/p>\n<p>Na BOOST respeitamos a sua privacidade e agradecemos a confian\u00e7a que deposita em n\u00f3s.<\/p>\n<p>A pol\u00edtica de privacidade abaixo descrita oferece-lhe uma perspetiva geral da forma como tratamos os seus dados e dos seus direitos nesta mat\u00e9ria, de acordo com o disposto no Regulamento (EU) 2016\/679 do Parlamento Europeu e do Conselho \u2013 Regulamento Geral sobre a Prote\u00e7\u00e3o de Dados (RGPD) \u2013 e restante legisla\u00e7\u00e3o aplic\u00e1vel em mat\u00e9ria de privacidade e prote\u00e7\u00e3o de dados, incluindo a legisla\u00e7\u00e3o local que complementa o RGPD. Os dados espec\u00edficos que ser\u00e3o processados, tratados e a forma como v\u00e3o ser utilizados, dependem em grande medida dos servi\u00e7os por si solicitados e consigo acordados.<\/p>\n<p>Os seus dados ser\u00e3o tratados pela MVMS S.A., pessoa coletiva n\u00famero 508470048, com sede na Rua Maestro Lopes Gra\u00e7a, N.\u00ba 18 B, 2685-346 Prior Velho, doravante \u201cBOOST\u201d ou \u201cn\u00f3s\u201d. Esta sociedade \u00e9 a respons\u00e1vel pelo tratamento de dados pessoais na ace\u00e7\u00e3o do Regulamento Geral sobre a Prote\u00e7\u00e3o de Dados.<\/p>\n<p>Para as quest\u00f5es relacionadas com o tratamento dos seus dados pessoais, dever\u00e1 contactar-nos atrav\u00e9s dos seguintes meios:<\/p>\n<p>Telefone: 211 450 120<\/p>\n<p>Morada: Rua dos Douradores, N.\u00ba 16, 1100-206 Lisboa<\/p>\n<p>E-mail: clientes@boostportugal.com<\/p>\n<p>&nbsp;<\/p>\n<p>Porque precisamos da sua informa\u00e7\u00e3o?<\/p>\n<p>A BOOST tratar\u00e1 os seus dados pessoais com as seguintes finalidades:<\/p>\n<p>&nbsp;<\/p>\n<p><u>Gest\u00e3o de clientes<\/u><\/p>\n<p>A BOOST dedica-se \u00e0 venda de produtos de anima\u00e7\u00e3o tur\u00edstica, atrav\u00e9s de loja f\u00edsica, bem como no seu pr\u00f3prio site e em plataformas de vendas on-line. O tratamento dos seus dados \u00e9 necess\u00e1rio para o cumprimento do contrato de venda ou de presta\u00e7\u00e3o de servi\u00e7os a celebrar entre si e a BOOST.<\/p>\n<p>Tratamos e armazenamos os seus dados pessoais na medida do necess\u00e1rio para o cumprimento das aplic\u00e1veis previs\u00f5es contratuais e legais. Nessa medida, os dados pessoais tratados ser\u00e3o conservados durante o per\u00edodo necess\u00e1rio para presta\u00e7\u00e3o dos servi\u00e7os contratados, bem como para fazer face \u00e0s obriga\u00e7\u00f5es fiscais e legais.<\/p>\n<p>&nbsp;<\/p>\n<p><u>Marketing<\/u><\/p>\n<p>A BOOST poder\u00e1 tratar os seus dados para lhe enviar informa\u00e7\u00f5es sobre os seus produtos e servi\u00e7os.<\/p>\n<p>Este tratamento de dados ser\u00e1 realizado apenas com o seu consentimento, prestado no momento em que adquire um produto da BOOST. Caso consinta, isso significa que estar\u00e1 dispon\u00edvel para receber comunica\u00e7\u00f5es de marketing atrav\u00e9s de e-mail e SMS. A BOOST poder\u00e1 ainda partilhar os seus dados com terceiros que gerem redes sociais, como por exemplo o Facebook, para efeitos de realiza\u00e7\u00e3o de campanhas de marketing atrav\u00e9s das redes sociais.<\/p>\n<p>O consentimento para o tratamento de dados pessoais para efeitos de marketing direto pode ser revogado em qualquer altura.<\/p>\n<p>Os seus dados ser\u00e3o conservados para esta finalidade por tempo indeterminado.<\/p>\n<p>&nbsp;<\/p>\n<p><u>Defini\u00e7\u00e3o de perfis<\/u><\/p>\n<p>A BOOST pode realizar a defini\u00e7\u00e3o de perfil de cliente com base na informa\u00e7\u00e3o relacionada com as suas compras. Sempre que comprar um produto ou servi\u00e7o BOOST, al\u00e9m dos seus dados pessoais, a mesma regista os produtos adquiridos, valores pagos, data e hora, assim como o local de aquisi\u00e7\u00e3o ou entrega.<\/p>\n<p>Desta forma, poderemos inform\u00e1-lo e aconselh\u00e1-lo ativamente sobre os nossos produtos e servi\u00e7os, utilizando registos adequados para esse efeito, permitindo assim uma comunica\u00e7\u00e3o e publicidade orientada \u00e0 procura. A BOOST aplica todas as medidas adequadas \u00e0 salvaguarda dos seus direitos e liberdades neste \u00e2mbito. Nessa medida, poder\u00e1 a qualquer momento exercer os seus direitos e<\/p>\n<p>(i) solicitar esclarecimentos a respeito dos termos e crit\u00e9rios em que \u00e9 criado o perfil;<\/p>\n<p>(ii) contestar as decis\u00f5es que venham a ser tomadas com base em decis\u00f5es automatizadas;<\/p>\n<p>(iii) solicitar uma interven\u00e7\u00e3o humana (n\u00e3o-automatizada).<\/p>\n<p>No caso da cria\u00e7\u00e3o de perfis de cliente exclusivamente para efeitos comerciais, poder\u00e1 opor-se \u00e0 defini\u00e7\u00e3o desse perfil, para os contatos acima indicados.<\/p>\n<p>&nbsp;<\/p>\n<p><u>Videovigil\u00e2ncia das lojas<\/u><\/p>\n<p>A loja da BOOST disp\u00f5e de um sistema de videovigil\u00e2ncia, devidamente sinalizado. A CNPD declarou o tratamento de dados pessoais resultante de videovigil\u00e2ncia, com as limita\u00e7\u00f5es referidas, adequado, pertinente e n\u00e3o excessivo, face \u00e0 finalidade declarada (cf. al\u00ednea b) do n\u00ba 1 do art.\u00ba. 5 da Lei n\u00ba 67\/98, de 26 de Outubro, alterada pela Lei n\u00ba 103\/2015, de 24 de Agosto \u2013 LPD) e \u00e0 actividade desenvolvida pela MVMS, SA.<\/p>\n<p>As grava\u00e7\u00f5es de imagem obtidas pelos sistemas videovigil\u00e2ncia s\u00e3o conservadas, em registo codificado, pelo prazo de 30 dias contados desde a respetiva capta\u00e7\u00e3o, findo o qual s\u00e3o destru\u00eddas (sem preju\u00edzo da conserva\u00e7\u00e3o por per\u00edodo superior em caso de processo judicial).<\/p>\n<p>&nbsp;<\/p>\n<p><u>Recrutamento<\/u><\/p>\n<p>Por favor consulte a nossa Pol\u00edtica de Recrutamento.<\/p>\n<p>&nbsp;<\/p>\n<p><u>Outras quest\u00f5es<\/u><\/p>\n<p>A minha informa\u00e7\u00e3o ser\u00e1 partilhada com outros?<\/p>\n<p>A sua informa\u00e7\u00e3o pessoal n\u00e3o \u00e9 divulgada a terceiros, sendo apenas tratada dentro da BOOST.<\/p>\n<p>Excecionalmente, os seus dados pessoais poder\u00e3o ser tratados por empresas subcontratadas pela BOOST, nomeadamente para o alojamento de p\u00e1gina web, correio eletr\u00f3nico, resposta a quest\u00f5es de utilizadores sobre os servi\u00e7os, envio de informa\u00e7\u00f5es sobre novos servi\u00e7os e produtos e ofertas especiais. S\u00e3o fornecidas a estas empresas apenas os dados pessoais necess\u00e1rios para a presta\u00e7\u00e3o do servi\u00e7o em causa.<\/p>\n<p>Os seus dados ser\u00e3o tratados dentro do espa\u00e7o da Uni\u00e3o Europeia.<\/p>\n<p>&nbsp;<\/p>\n<p>Quais s\u00e3o os meus direitos?<\/p>\n<p>A BOOST garante todos os seus direitos em rela\u00e7\u00e3o ao tratamento dos seus dados, de acordo com o RGPD, a saber: o direito \u00e0 informa\u00e7\u00e3o, o direito \u00e0 retifica\u00e7\u00e3o dos seus dados, o direito ao apagamento, o direito \u00e0 limita\u00e7\u00e3o do tratamento, o direito de oposi\u00e7\u00e3o, bem como o direito de portabilidade dos dados. Al\u00e9m disso, existe o direito de apresentar reclama\u00e7\u00e3o a uma autoridade de controlo da prote\u00e7\u00e3o dos dados nos termos do RGDP.<\/p>\n<p>Pode a qualquer momento solicitar-nos uma c\u00f3pia dos consentimentos que nos concedeu.<\/p>\n<p>Poder\u00e1 a qualquer momento revogar o consentimento dado para o tratamento dos seus dados pessoais, sempre que o respetivo tratamento tenha por base unicamente esse consentimento (por exemplo, com a finalidade de marketing direto). O mesmo sucede quanto aos consentimentos dados anteriormente \u00e0 entrada em vigor do Regulamento Geral sobre a Prote\u00e7\u00e3o de Dados, ou seja, antes de 25 de Maio de 2018. Tenha em conta que a revoga\u00e7\u00e3o e a oposi\u00e7\u00e3o n\u00e3o t\u00eam car\u00e1cter retroativo, pelo que o tratamento efetuado antes da revoga\u00e7\u00e3o ou oposi\u00e7\u00e3o n\u00e3o ser\u00e1 afetado.<\/p>\n<p>&nbsp;<\/p>\n<p><u>Direito de acesso<\/u><\/p>\n<p>O titular dos dados pessoais tem o direito a obter da BOOST a confirma\u00e7\u00e3o de que os dados que lhe digam respeito s\u00e3o ou n\u00e3o objeto de tratamento e, se for o caso, de aceder aos seus dados pessoais e aceder \u00e0s informa\u00e7\u00f5es previstas na lei.<\/p>\n<p>Caso pretenda mais do que uma c\u00f3pia dos seus dados pessoais em fase de tratamento, a BOOST poder\u00e1 sujeitar esse servi\u00e7o a um pagamento de uma taxa pelos custos administrativos.<\/p>\n<p>&nbsp;<\/p>\n<p><u>Direito de retifica\u00e7\u00e3o<\/u><\/p>\n<p>O titular dos dados pessoais tem o direito de obter da BOOST, sem demora injustificada, a retifica\u00e7\u00e3o dos dados inexatos ou incompletos que lhe digam respeito.<\/p>\n<p>&nbsp;<\/p>\n<p><u>Direito ao apagamento dos dados<\/u><\/p>\n<p>O titular dos dados pessoais tem o direito pedir \u00e0 BOOST para apagar os seus dados, sem demora injustificada, e a BOOST tem a obriga\u00e7\u00e3o de apagar os dados pessoais quando se aplique, designadamente, um dos seguintes motivos:<\/p>\n<ol>\n<li>a) Os dados pessoais deixaram de ser necess\u00e1rios para a finalidade que motivou a sua recolha ou tratamento;<\/li>\n<li>b) O titular retirou o seu consentimento para o tratamento de dados (nos casos em que o tratamento \u00e9 baseado no consentimento) e n\u00e3o existir outro fundamento para o referido tratamento;<\/li>\n<li>c) O titular op\u00f5e-se ao tratamento e n\u00e3o existem interesses leg\u00edtimos prevalecentes que justifiquem o tratamento.<\/li>\n<\/ol>\n<p><u>\u00a0<\/u><\/p>\n<p><u>Direito \u00e0 limita\u00e7\u00e3o do tratamento<\/u><\/p>\n<p>O titular dos dados tem o direito de obter da BOOST a limita\u00e7\u00e3o do tratamento, se se aplicar, designadamente, uma das seguintes situa\u00e7\u00f5es:<\/p>\n<ol>\n<li>a) Contestar a exatid\u00e3o dos dados pessoais, durante um per\u00edodo que permita \u00e0 BOOST verificar a sua exatid\u00e3o;<\/li>\n<li>b) O tratamento de dados for l\u00edcito e o titular dos dados se opuser a que se apaguem os seus dados pessoais e solicitar, em contrapartida, a limita\u00e7\u00e3o da sua utiliza\u00e7\u00e3o;<\/li>\n<li>c) A BOOST j\u00e1 n\u00e3o precisar dos dados pessoais para fins de tratamento, mas esses dados s\u00e3o requeridos pelo titular para efeitos de declara\u00e7\u00e3o, exerc\u00edcio ou defesa de um direito num processo judicial;<\/li>\n<li>d) Se tiver oposto ao tratamento, at\u00e9 se verificar que os motivos leg\u00edtimos do respons\u00e1vel pelo tratamento prevalecem sobre os do titular dos dados.<\/li>\n<\/ol>\n<p>&nbsp;<\/p>\n<p><u>Direito de portabilidade dos dados<\/u><\/p>\n<p>Se o tratamento depender do consentimento do titular dos dados e esse consentimento tiver sido prestado por meios automatizados, o titular dos dados tem o direito a receber os dados pessoais que lhe digam respeito e que tenha fornecido \u00e0 BOOST num formato estruturado, de uso corrente e de leitura autom\u00e1tica.<\/p>\n<p>&nbsp;<\/p>\n<p><u>Direito de oposi\u00e7\u00e3o<\/u><\/p>\n<p>Nos casos em que o tratamento de dados for efetuado para efeito dos interesses leg\u00edtimos prosseguidos pela BOOST; ou 2) o tratamento de dados for efetuado para efeitos de marketing direto; ou 3) defini\u00e7\u00e3o de perfis, o titular dos dados pode ainda, a qualquer altura, opor-se ao tratamento dos seus dados pessoais.<\/p>\n<p>&nbsp;<\/p>\n<p>Posso revogar o meu consentimento posteriormente?<\/p>\n<p>Se o consentimento for legalmente necess\u00e1rio para o tratamento de dados pessoais, o titular dos dados tem o direito de retirar consentimento em qualquer altura, embora esse direito n\u00e3o comprometa a licitude do tratamento efetuado com base no consentimento previamente dado nem o tratamento posterior dos mesmos dados, baseado noutra base legal, como \u00e9 o caso do cumprimento do contrato ou da obriga\u00e7\u00e3o legal a que a BOOST esteja sujeita.<\/p>\n<p>Caso pretenda retirar o seu consentimento, pode contactar-nos atrav\u00e9s de carta, telefone ou do endere\u00e7o e-mail clientes@boostportugal.com.<\/p>\n<p>&nbsp;<\/p>\n<p>Tem alguma d\u00favida?<\/p>\n<p>Se permanecer com alguma d\u00favida relativamente ao tratamento dos seus dados pessoais, ou pretender exercer algum dos seus direitos, por favor contacte-nos:<\/p>\n<p>Por telefone: 211 450 120<\/p>\n<p>Por e-mail: clientes@boostportugal.com<\/p>\n<p>&nbsp;<\/p>\n<p><strong>Pol\u00edtica de Recrutamento<\/strong><\/p>\n<p>O presente documento regula a forma como o Recrutamento \u00e9 efetuado na MVMS, S.A., pessoa coletiva n\u00famero 508470048, com sede na Rua Maestro Lopes Gra\u00e7a, N.\u00ba 18 B, 2685-346 Prior Velho, doravante \u201cBOOST\u201c. Esta sociedade \u00e9 a respons\u00e1vel pelo tratamento de dados pessoais na ace\u00e7\u00e3o do Regulamento Geral sobre a Prote\u00e7\u00e3o de Dados.<\/p>\n<p>Desta forma, pretendemos esclarecer quaisquer d\u00favidas que possa ter sobre a sua privacidade e agradecemos a confian\u00e7a que nos deposita. Nesta Pol\u00edtica de Privacidade, descrevemos a forma como tratamos os seus dados pessoais, designadamente, o tipo de informa\u00e7\u00e3o que guardamos, como a usamos, com quem a partilhamos, as medidas de seguran\u00e7a que aplicamos para proteger a informa\u00e7\u00e3o, as op\u00e7\u00f5es que tem sobre o uso que vamos fazer da informa\u00e7\u00e3o que nos disponibiliza as formas para entrar em contacto connosco e para exercer os seus direitos de acesso, retifica\u00e7\u00e3o, cancelamento ou oposi\u00e7\u00e3o ao uso dos seus dados pessoais.<\/p>\n<p>&nbsp;<\/p>\n<p><u>Informa\u00e7\u00e3o<\/u><\/p>\n<p>A BOOST respeita a sua preocupa\u00e7\u00e3o em rela\u00e7\u00e3o \u00e0 privacidade dos dados pessoais que nos fornece. Tamb\u00e9m consideramos importante inform\u00e1-lo acerca do uso que damos aos seus dados pessoais. A aceita\u00e7\u00e3o dos termos desta Pol\u00edtica de Privacidade significa o seu consentimento para o tratamento de dados pessoais com a finalidade de sele\u00e7\u00e3o de pessoal e recrutamento. Desta forma, aconselhamos a leitura cuidada desta Pol\u00edtica de Recrutamento.<\/p>\n<p>&nbsp;<\/p>\n<p><u>Finalidade do Tratamento de Dados e Abrang\u00eancia desta Pol\u00edtica de Privacidade<\/u><\/p>\n<p>Esta Pol\u00edtica da Privacidade aplica-se aos dados pessoais fornecidos aquando da sua candidatura e a informa\u00e7\u00f5es subsequentes que forne\u00e7a neste \u00e2mbito, bem como qualquer informa\u00e7\u00e3o legitimamente obtida, como por exemplo atrav\u00e9s de terceiros por si indicados, como de antigos empregos ou outras refer\u00eancias. A BOOST vai proceder ao tratamento destes dados pessoais no decorrer do processo de recrutamento.<\/p>\n<p>&nbsp;<\/p>\n<p><u>Como funciona o sistema de candidatura?<\/u><\/p>\n<p>Os candidatos podem candidatar-se a uma vaga de emprego na BOOST atrav\u00e9s de um e-mail para esse efeito: rh@boostportugal.com .<\/p>\n<p>Os candidatos podem efetuar as suas candidaturas para uma vaga de emprego espec\u00edfica, ap\u00f3s publica\u00e7\u00e3o de an\u00fancio de emprego em local ou s\u00edtio apropriado para esse efeito ou em contexto de candidatura espont\u00e2nea.<\/p>\n<p>As candidaturas podem ser efetuadas da seguinte forma:<\/p>\n<p>E-mail: rh@boostportugal.com<\/p>\n<p>Correio para a nossa morada: Rua dos Douradores, n.\u00ba 16 1100-206 Lisboa<\/p>\n<p>Em m\u00e3o, entregue na morada acima descrita.<\/p>\n<p>&nbsp;<\/p>\n<p><u>Acesso, corre\u00e7\u00e3o ou anula\u00e7\u00e3o de dados<\/u><\/p>\n<p>Depois de nos facultar os seus dados e Curriculum Vitae, poder\u00e1 aceder aos seus dados pessoais, obter uma c\u00f3pia dos mesmos e\/ou pedir a sua atualiza\u00e7\u00e3o ou elimina\u00e7\u00e3o, nos termos da Lei, contactando-nos via correio eletr\u00f3nico para rh@boostportugal.com<\/p>\n<p>&nbsp;<\/p>\n<p><u>Como vamos usar os dados fornecidos?<\/u><\/p>\n<p>A informa\u00e7\u00e3o fornecida vai ser usada unicamente pela BOOST dentro do processo de candidatura, tomando a empresa a liberdade de verificar refer\u00eancias e, se for caso disso, contact\u00e1-lo sobre a posi\u00e7\u00e3o em aberto, dando sequ\u00eancia ao processo de candidatura.<\/p>\n<p>&nbsp;<\/p>\n<p><u>Quem tem acesso aos dados fornecidos?<\/u><\/p>\n<p>O Departamento de Recursos Humanos tem acesso exclusivo a todas as candidaturas, atrav\u00e9s do respetivo endere\u00e7o de e-mail.<\/p>\n<p>&nbsp;<\/p>\n<p><u>Seguran\u00e7a dos Dados<\/u><\/p>\n<p>A BOOST trata toda a informa\u00e7\u00e3o relativamente a candidaturas de forma confidencial, utilizando todos os procedimentos necess\u00e1rios de forma a mant\u00ea-la segura. S\u00f3 o Departamento de Recursos Humanos da BOOST (e respons\u00e1veis relevantes) ter\u00e3o acesso aos seus dados. Os seus dados pessoais ser\u00e3o apenas usados pela BOOST e n\u00e3o ser\u00e3o revelados a terceiros.<\/p>\n<p>&nbsp;<\/p>\n<p><u>Durante quanto tempo o Grupo BOOST guarda os dados?<\/u><\/p>\n<p>Os dados pessoais de qualquer candidato que se candidate \u00e0 BOOST ser\u00e3o mantidos na base de dados durante um per\u00edodo de 2 anos.<\/p>\n<p>&nbsp;<\/p>\n<p><u>Modifica\u00e7\u00f5es<\/u><\/p>\n<p>Esta Pol\u00edtica de Privacidade poder\u00e1 ser atualizada periodicamente. A BOOST reserva-se o direito de modificar ou retificar esta Pol\u00edtica de Privacidade em qualquer altura. A data efetiva desta Pol\u00edtica de Privacidade \u00e9 a constante do in\u00edcio deste aviso. Solicitamos-lhe que consulte a Pol\u00edtica de Privacidade periodicamente.<\/p>\n<p>&nbsp;<\/p>\n<p><u>Contacte-nos<\/u><\/p>\n<p>A BOOST controla e \u00e9 respons\u00e1vel pelo tratamento dos seus dados pessoais.<\/p>\n<p>Em caso de d\u00favida, n\u00e3o hesite em contactar-nos para o e-mail rh@boostportugal.com<\/p>","protected":false},"excerpt":{"rendered":"<p>Pol\u00edtica de Privacidade Na BOOST respeitamos a sua privacidade e agradecemos a confian\u00e7a que deposita em n\u00f3s. A pol\u00edtica de privacidade abaixo descrita oferece-lhe uma perspetiva geral da forma como tratamos os seus dados e dos seus direitos nesta mat\u00e9ria, de acordo com o disposto no Regulamento (EU) 2016\/679 do Parlamento Europeu e do Conselho<\/p>\n<div class=\"padding-top text-center\"><a href=\"http:\/\/www.portorentabike.com\/pt\/politica-de-privacidade-e-recrutamento\/\" class=\"atbtn atbtn--medium atbtn--rounded atbtn--transparent\">Read more<i class=\"atbtn__icon atbtn__icon--right fa fa-long-arrow-right\"><\/i><\/a><\/div>\n","protected":false},"author":2,"featured_media":0,"parent":0,"menu_order":0,"comment_status":"closed","ping_status":"closed","template":"","meta":{"footnotes":""},"class_list":["post-1581","page","type-page","status-publish","hentry"],"yoast_head":"<!-- This site is optimized with the Yoast SEO plugin v27.3 - https:\/\/yoast.com\/product\/yoast-seo-wordpress\/ -->\n<title>Pol\u00edtica de Privacidade e Recrutamento - Alugar Bicicletas no Porto: Descubra o Porto de Bike! \ud83d\udeb4\u200d\u2642\ufe0f\ud83d\udeb4\u200d\u2640\ufe0f<\/title>\n<meta name=\"robots\" content=\"index, follow, max-snippet:-1, max-image-preview:large, max-video-preview:-1\" \/>\n<link rel=\"canonical\" href=\"http:\/\/www.portorentabike.com\/pt\/politica-de-privacidade-e-recrutamento\/\" \/>\n<meta property=\"og:locale\" content=\"pt_PT\" \/>\n<meta property=\"og:type\" content=\"article\" \/>\n<meta property=\"og:title\" content=\"Pol\u00edtica de Privacidade e Recrutamento - Alugar Bicicletas no Porto: Descubra o Porto de Bike! \ud83d\udeb4\u200d\u2642\ufe0f\ud83d\udeb4\u200d\u2640\ufe0f\" \/>\n<meta property=\"og:description\" content=\"Pol\u00edtica de Privacidade Na BOOST respeitamos a sua privacidade e agradecemos a confian\u00e7a que deposita em n\u00f3s. A pol\u00edtica de privacidade abaixo descrita oferece-lhe uma perspetiva geral da forma como tratamos os seus dados e dos seus direitos nesta mat\u00e9ria, de acordo com o disposto no Regulamento (EU) 2016\/679 do Parlamento Europeu e do ConselhoRead more\" \/>\n<meta property=\"og:url\" content=\"http:\/\/www.portorentabike.com\/pt\/politica-de-privacidade-e-recrutamento\/\" \/>\n<meta property=\"og:site_name\" content=\"Alugar Bicicletas no Porto: Descubra o Porto de Bike! \ud83d\udeb4\u200d\u2642\ufe0f\ud83d\udeb4\u200d\u2640\ufe0f\" \/>\n<meta property=\"article:publisher\" content=\"https:\/\/www.facebook.com\/portorentabike\/\" \/>\n<meta property=\"article:modified_time\" content=\"2024-11-01T11:38:23+00:00\" \/>\n<meta name=\"twitter:card\" content=\"summary_large_image\" \/>\n<meta name=\"twitter:label1\" content=\"Tempo estimado de leitura\" \/>\n\t<meta name=\"twitter:data1\" content=\"10 minutos\" \/>\n<script type=\"application\/ld+json\" class=\"yoast-schema-graph\">{\"@context\":\"https:\\\/\\\/schema.org\",\"@graph\":[{\"@type\":\"WebPage\",\"@id\":\"http:\\\/\\\/www.portorentabike.com\\\/pt\\\/politica-de-privacidade-e-recrutamento\\\/\",\"url\":\"http:\\\/\\\/www.portorentabike.com\\\/pt\\\/politica-de-privacidade-e-recrutamento\\\/\",\"name\":\"Pol\u00edtica de Privacidade e Recrutamento - Alugar Bicicletas no Porto: Descubra o Porto de Bike! \ud83d\udeb4\u200d\u2642\ufe0f\ud83d\udeb4\u200d\u2640\ufe0f\",\"isPartOf\":{\"@id\":\"http:\\\/\\\/www.portorentabike.com\\\/pt\\\/#website\"},\"datePublished\":\"2019-02-06T17:17:55+00:00\",\"dateModified\":\"2024-11-01T11:38:23+00:00\",\"breadcrumb\":{\"@id\":\"http:\\\/\\\/www.portorentabike.com\\\/pt\\\/politica-de-privacidade-e-recrutamento\\\/#breadcrumb\"},\"inLanguage\":\"pt-PT\",\"potentialAction\":[{\"@type\":\"ReadAction\",\"target\":[[\"http:\\\/\\\/www.portorentabike.com\\\/pt\\\/politica-de-privacidade-e-recrutamento\\\/\"]]}]},{\"@type\":\"BreadcrumbList\",\"@id\":\"http:\\\/\\\/www.portorentabike.com\\\/pt\\\/politica-de-privacidade-e-recrutamento\\\/#breadcrumb\",\"itemListElement\":[{\"@type\":\"ListItem\",\"position\":1,\"name\":\"In\u00edcio\",\"item\":\"http:\\\/\\\/www.portorentabike.com\\\/pt\\\/\"},{\"@type\":\"ListItem\",\"position\":2,\"name\":\"Pol\u00edtica de Privacidade e Recrutamento\"}]},{\"@type\":\"WebSite\",\"@id\":\"http:\\\/\\\/www.portorentabike.com\\\/pt\\\/#website\",\"url\":\"http:\\\/\\\/www.portorentabike.com\\\/pt\\\/\",\"name\":\"PORTO RENT A BIKE\",\"description\":\"Explore o Porto de bicicleta com a Porto Rent a Bike! Alugue bicicletas el\u00e9tricas, de montanha na cidade do Porto. Cadeados e mapas Gr\u00e1tis!\",\"publisher\":{\"@id\":\"http:\\\/\\\/www.portorentabike.com\\\/pt\\\/#organization\"},\"potentialAction\":[{\"@type\":\"SearchAction\",\"target\":{\"@type\":\"EntryPoint\",\"urlTemplate\":\"http:\\\/\\\/www.portorentabike.com\\\/pt\\\/?s={search_term_string}\"},\"query-input\":{\"@type\":\"PropertyValueSpecification\",\"valueRequired\":true,\"valueName\":\"search_term_string\"}}],\"inLanguage\":\"pt-PT\"},{\"@type\":\"Organization\",\"@id\":\"http:\\\/\\\/www.portorentabike.com\\\/pt\\\/#organization\",\"name\":\"Porto Rent A Bike\",\"url\":\"http:\\\/\\\/www.portorentabike.com\\\/pt\\\/\",\"logo\":{\"@type\":\"ImageObject\",\"inLanguage\":\"pt-PT\",\"@id\":\"http:\\\/\\\/www.portorentabike.com\\\/pt\\\/#\\\/schema\\\/logo\\\/image\\\/\",\"url\":\"https:\\\/\\\/www.portorentabike.com\\\/wp-content\\\/uploads\\\/2024\\\/08\\\/logotipo-porto-rent-a-bike-200x85-min.png\",\"contentUrl\":\"https:\\\/\\\/www.portorentabike.com\\\/wp-content\\\/uploads\\\/2024\\\/08\\\/logotipo-porto-rent-a-bike-200x85-min.png\",\"width\":200,\"height\":85,\"caption\":\"Porto Rent A Bike\"},\"image\":{\"@id\":\"http:\\\/\\\/www.portorentabike.com\\\/pt\\\/#\\\/schema\\\/logo\\\/image\\\/\"},\"sameAs\":[\"https:\\\/\\\/www.facebook.com\\\/portorentabike\\\/\"]}]}<\/script>\n<!-- \/ Yoast SEO plugin. -->","yoast_head_json":{"title":"Pol\u00edtica de Privacidade e Recrutamento - Alugar Bicicletas no Porto: Descubra o Porto de Bike! \ud83d\udeb4\u200d\u2642\ufe0f\ud83d\udeb4\u200d\u2640\ufe0f","robots":{"index":"index","follow":"follow","max-snippet":"max-snippet:-1","max-image-preview":"max-image-preview:large","max-video-preview":"max-video-preview:-1"},"canonical":"http:\/\/www.portorentabike.com\/pt\/politica-de-privacidade-e-recrutamento\/","og_locale":"pt_PT","og_type":"article","og_title":"Pol\u00edtica de Privacidade e Recrutamento - Alugar Bicicletas no Porto: Descubra o Porto de Bike! \ud83d\udeb4\u200d\u2642\ufe0f\ud83d\udeb4\u200d\u2640\ufe0f","og_description":"Pol\u00edtica de Privacidade Na BOOST respeitamos a sua privacidade e agradecemos a confian\u00e7a que deposita em n\u00f3s. A pol\u00edtica de privacidade abaixo descrita oferece-lhe uma perspetiva geral da forma como tratamos os seus dados e dos seus direitos nesta mat\u00e9ria, de acordo com o disposto no Regulamento (EU) 2016\/679 do Parlamento Europeu e do ConselhoRead more","og_url":"http:\/\/www.portorentabike.com\/pt\/politica-de-privacidade-e-recrutamento\/","og_site_name":"Alugar Bicicletas no Porto: Descubra o Porto de Bike! \ud83d\udeb4\u200d\u2642\ufe0f\ud83d\udeb4\u200d\u2640\ufe0f","article_publisher":"https:\/\/www.facebook.com\/portorentabike\/","article_modified_time":"2024-11-01T11:38:23+00:00","twitter_card":"summary_large_image","twitter_misc":{"Tempo estimado de leitura":"10 minutos"},"schema":{"@context":"https:\/\/schema.org","@graph":[{"@type":"WebPage","@id":"http:\/\/www.portorentabike.com\/pt\/politica-de-privacidade-e-recrutamento\/","url":"http:\/\/www.portorentabike.com\/pt\/politica-de-privacidade-e-recrutamento\/","name":"Pol\u00edtica de Privacidade e Recrutamento - Alugar Bicicletas no Porto: Descubra o Porto de Bike! \ud83d\udeb4\u200d\u2642\ufe0f\ud83d\udeb4\u200d\u2640\ufe0f","isPartOf":{"@id":"http:\/\/www.portorentabike.com\/pt\/#website"},"datePublished":"2019-02-06T17:17:55+00:00","dateModified":"2024-11-01T11:38:23+00:00","breadcrumb":{"@id":"http:\/\/www.portorentabike.com\/pt\/politica-de-privacidade-e-recrutamento\/#breadcrumb"},"inLanguage":"pt-PT","potentialAction":[{"@type":"ReadAction","target":[["http:\/\/www.portorentabike.com\/pt\/politica-de-privacidade-e-recrutamento\/"]]}]},{"@type":"BreadcrumbList","@id":"http:\/\/www.portorentabike.com\/pt\/politica-de-privacidade-e-recrutamento\/#breadcrumb","itemListElement":[{"@type":"ListItem","position":1,"name":"In\u00edcio","item":"http:\/\/www.portorentabike.com\/pt\/"},{"@type":"ListItem","position":2,"name":"Pol\u00edtica de Privacidade e Recrutamento"}]},{"@type":"WebSite","@id":"http:\/\/www.portorentabike.com\/pt\/#website","url":"http:\/\/www.portorentabike.com\/pt\/","name":"PORTO RENT A BIKE","description":"Explore o Porto de bicicleta com a Porto Rent a Bike! Alugue bicicletas el\u00e9tricas, de montanha na cidade do Porto. Cadeados e mapas Gr\u00e1tis!","publisher":{"@id":"http:\/\/www.portorentabike.com\/pt\/#organization"},"potentialAction":[{"@type":"SearchAction","target":{"@type":"EntryPoint","urlTemplate":"http:\/\/www.portorentabike.com\/pt\/?s={search_term_string}"},"query-input":{"@type":"PropertyValueSpecification","valueRequired":true,"valueName":"search_term_string"}}],"inLanguage":"pt-PT"},{"@type":"Organization","@id":"http:\/\/www.portorentabike.com\/pt\/#organization","name":"Porto Rent A Bike","url":"http:\/\/www.portorentabike.com\/pt\/","logo":{"@type":"ImageObject","inLanguage":"pt-PT","@id":"http:\/\/www.portorentabike.com\/pt\/#\/schema\/logo\/image\/","url":"https:\/\/www.portorentabike.com\/wp-content\/uploads\/2024\/08\/logotipo-porto-rent-a-bike-200x85-min.png","contentUrl":"https:\/\/www.portorentabike.com\/wp-content\/uploads\/2024\/08\/logotipo-porto-rent-a-bike-200x85-min.png","width":200,"height":85,"caption":"Porto Rent A Bike"},"image":{"@id":"http:\/\/www.portorentabike.com\/pt\/#\/schema\/logo\/image\/"},"sameAs":["https:\/\/www.facebook.com\/portorentabike\/"]}]}},"_links":{"self":[{"href":"http:\/\/www.portorentabike.com\/pt\/wp-json\/wp\/v2\/pages\/1581","targetHints":{"allow":["GET"]}}],"collection":[{"href":"http:\/\/www.portorentabike.com\/pt\/wp-json\/wp\/v2\/pages"}],"about":[{"href":"http:\/\/www.portorentabike.com\/pt\/wp-json\/wp\/v2\/types\/page"}],"author":[{"embeddable":true,"href":"http:\/\/www.portorentabike.com\/pt\/wp-json\/wp\/v2\/users\/2"}],"replies":[{"embeddable":true,"href":"http:\/\/www.portorentabike.com\/pt\/wp-json\/wp\/v2\/comments?post=1581"}],"version-history":[{"count":2,"href":"http:\/\/www.portorentabike.com\/pt\/wp-json\/wp\/v2\/pages\/1581\/revisions"}],"predecessor-version":[{"id":1970,"href":"http:\/\/www.portorentabike.com\/pt\/wp-json\/wp\/v2\/pages\/1581\/revisions\/1970"}],"wp:attachment":[{"href":"http:\/\/www.portorentabike.com\/pt\/wp-json\/wp\/v2\/media?parent=1581"}],"curies":[{"name":"wp","href":"https:\/\/api.w.org\/{rel}","templated":true}]}}